{"id":9611,"date":"2025-02-13T09:49:27","date_gmt":"2025-02-13T08:49:27","guid":{"rendered":"https:\/\/avogel.fr\/blog\/?post_type=guide_de_plante&#038;p=9611"},"modified":"2025-02-13T09:52:13","modified_gmt":"2025-02-13T08:52:13","slug":"menthe","status":"publish","type":"guide_de_plante","link":"https:\/\/avogel.fr\/blog\/guide-de-plante\/menthe\/","title":{"rendered":"Menthe &#8211; Mentha \u00d7 piperita"},"content":{"rendered":"<ul>\n<li data-start=\"36\" data-end=\"169\">Att\u00e9nue les d\u00e9sagr\u00e9ments du rhume (nez qui coule, nez bouch\u00e9)<\/li>\n<li data-start=\"36\" data-end=\"169\">Arr\u00eate l\u2019\u00e9coulement<\/li>\n<li data-start=\"36\" data-end=\"169\">Aide \u00e0 mieux respirer<\/li>\n<li data-start=\"36\" data-end=\"169\">Calme l\u2019irritation de la muqueuse nasale<\/li>\n<\/ul>\n<p data-start=\"266\" data-end=\"722\">La menthe (<em data-start=\"277\" data-end=\"296\">Mentha \u00d7 piperita<\/em>), et plus g\u00e9n\u00e9ralement les diff\u00e9rentes esp\u00e8ces de menthe, est utilis\u00e9e depuis l\u2019Antiquit\u00e9 pour ses vertus m\u00e9dicinales et aromatiques. Les \u00c9gyptiens, les Grecs et les Romains l\u2019appr\u00e9ciaient d\u00e9j\u00e0 pour ses propri\u00e9t\u00e9s digestives et rafra\u00eechissantes. Dans la m\u00e9decine traditionnelle chinoise et en Ayurveda, elle est couramment employ\u00e9e pour soulager les maux de t\u00eate, d\u00e9gager les voies respiratoires et stimuler l\u2019\u00e9nergie vitale.<\/p>\n<p data-start=\"724\" data-end=\"1052\">Au Moyen \u00c2ge, elle \u00e9tait \u00e9galement r\u00e9put\u00e9e pour ses bienfaits contre les infections et les douleurs musculaires. Aujourd\u2019hui, la menthe poivr\u00e9e (<em data-start=\"869\" data-end=\"888\">Mentha \u00d7 piperita<\/em>), issue d\u2019un croisement naturel entre la menthe aquatique et la menthe verte, est la plus utilis\u00e9e en phytoth\u00e9rapie en raison de sa forte concentration en menthol.<\/p>\n<h2 data-start=\"1054\" data-end=\"1087\">Caract\u00e9ristiques botaniques<\/h2>\n<p data-start=\"1088\" data-end=\"1337\">La menthe est une plante herbac\u00e9e vivace de la famille des lamiac\u00e9es qui peut atteindre 60 cm de hauteur. Elle poss\u00e8de des tiges carr\u00e9es typiques de cette famille, des feuilles oppos\u00e9es, ovales et dentel\u00e9es, <strong>d\u2019un vert vif et fortement aromatiques<\/strong>.<\/p>\n<p data-start=\"1339\" data-end=\"1520\">Elle produit en \u00e9t\u00e9 des petites fleurs mauves regroup\u00e9es en \u00e9pis. Son parfum frais et p\u00e9n\u00e9trant est d\u00fb \u00e0 sa richesse en menthol, un compos\u00e9 aux effets stimulants et rafra\u00eechissants.<\/p>\n<p><img loading=\"lazy\" decoding=\"async\" class=\"alignnone wp-image-9612 size-full\" src=\"https:\/\/avogel.fr\/blog\/wp-content\/uploads\/2025\/02\/menthe.jpg\" alt=\"Menthe\" width=\"1000\" height=\"720\" srcset=\"https:\/\/avogel.fr\/blog\/wp-content\/uploads\/2025\/02\/menthe.jpg 1000w, https:\/\/avogel.fr\/blog\/wp-content\/uploads\/2025\/02\/menthe-300x216.jpg 300w, https:\/\/avogel.fr\/blog\/wp-content\/uploads\/2025\/02\/menthe-768x553.jpg 768w\" sizes=\"auto, (max-width: 1000px) 100vw, 1000px\" \/><\/p>\n<h2 data-start=\"1522\" data-end=\"1552\">R\u00e9partition g\u00e9ographique<\/h2>\n<p data-start=\"1553\" data-end=\"1856\">La menthe pousse naturellement dans les r\u00e9gions temp\u00e9r\u00e9es d\u2019Europe, d\u2019Asie et d\u2019Am\u00e9rique du Nord. Elle affectionne les sols humides et riches en nutriments, notamment pr\u00e8s des cours d\u2019eau et dans les jardins. Tr\u00e8s facile \u00e0 cultiver, elle peut rapidement devenir envahissante si elle n\u2019est pas contr\u00f4l\u00e9e.<\/p>\n<h2 data-start=\"1858\" data-end=\"1876\">Naturopathie<\/h2>\n<p data-start=\"1877\" data-end=\"1942\">La menthe est reconnue pour ses nombreuses vertus m\u00e9dicinales :<\/p>\n<ul data-start=\"1943\" data-end=\"2362\">\n<li data-start=\"1943\" data-end=\"2051\"><strong data-start=\"1945\" data-end=\"1977\">Digestive et antispasmodique<\/strong> : elle soulage les ballonnements, les naus\u00e9es et les crampes d\u2019estomac.<\/li>\n<li data-start=\"2052\" data-end=\"2159\"><strong data-start=\"2054\" data-end=\"2091\">D\u00e9congestionnante et expectorante<\/strong> : elle aide \u00e0 d\u00e9gager les voies respiratoires et soulage la toux.<\/li>\n<li data-start=\"2160\" data-end=\"2282\"><strong data-start=\"2162\" data-end=\"2196\">Analg\u00e9sique et rafra\u00eechissante<\/strong> : elle apaise les maux de t\u00eate et les douleurs musculaires gr\u00e2ce \u00e0 son effet froid.<\/li>\n<li data-start=\"2283\" data-end=\"2362\"><strong data-start=\"2285\" data-end=\"2314\">Stimulante et \u00e9nergisante<\/strong> : elle combat la fatigue physique et mentale.<\/li>\n<\/ul>\n<p data-start=\"2364\" data-end=\"2616\">Attention : L\u2019huile essentielle de menthe poivr\u00e9e est tr\u00e8s puissante et doit \u00eatre utilis\u00e9e avec pr\u00e9caution, notamment chez les enfants et les femmes enceintes. Elle peut \u00eatre irritante en application cutan\u00e9e pure et ne doit pas \u00eatre consomm\u00e9e en exc\u00e8s.<\/p>\n<h2 data-start=\"2618\" data-end=\"2638\">Transformation<\/h2>\n<p data-start=\"2639\" data-end=\"2801\">Les feuilles de menthe sont r\u00e9colt\u00e9es avant la floraison, puis s\u00e9ch\u00e9es ou utilis\u00e9es fra\u00eeches pour des infusions, des huiles essentielles ou des extraits liquides.<\/p>\n<p data-start=\"2803\" data-end=\"3144\"><strong data-start=\"2803\" data-end=\"2813\">Astuce<\/strong> : Pour une tisane digestive, infuser 1 \u00e0 2 grammes de feuilles s\u00e9ch\u00e9es dans une tasse d\u2019eau chaude pendant 5 \u00e0 10 minutes. Boire apr\u00e8s les repas pour faciliter la digestion. L\u2019huile essentielle de menthe poivr\u00e9e peut \u00eatre appliqu\u00e9e localement sur les tempes en cas de maux de t\u00eate ou utilis\u00e9e en inhalation pour d\u00e9gager les sinus.<\/p>\n<p data-start=\"2803\" data-end=\"3144\"><a href=\"https:\/\/avogel.fr\/allergies\/1038-spray-nasal.html\" target=\"_blank\" rel=\"noopener\"><img loading=\"lazy\" decoding=\"async\" class=\"alignnone size-medium wp-image-9608\" src=\"https:\/\/avogel.fr\/blog\/wp-content\/uploads\/2025\/02\/spray-nasal-300x300.jpg\" alt=\"Spray Nasal\" width=\"300\" height=\"300\" srcset=\"https:\/\/avogel.fr\/blog\/wp-content\/uploads\/2025\/02\/spray-nasal-300x300.jpg 300w, https:\/\/avogel.fr\/blog\/wp-content\/uploads\/2025\/02\/spray-nasal-1024x1024.jpg 1024w, https:\/\/avogel.fr\/blog\/wp-content\/uploads\/2025\/02\/spray-nasal-150x150.jpg 150w, https:\/\/avogel.fr\/blog\/wp-content\/uploads\/2025\/02\/spray-nasal-768x768.jpg 768w, https:\/\/avogel.fr\/blog\/wp-content\/uploads\/2025\/02\/spray-nasal.jpg 1400w\" sizes=\"auto, (max-width: 300px) 100vw, 300px\" \/><\/a><\/p>\n","protected":false},"featured_media":9613,"template":"","class_list":["post-9611","guide_de_plante","type-guide_de_plante","status-publish","has-post-thumbnail","hentry"],"acf":[],"yoast_head":"<!-- This site is optimized with the Yoast SEO plugin v22.0 - https:\/\/yoast.com\/wordpress\/plugins\/seo\/ -->\n<title>Menthe - Mentha \u00d7 piperita - A.Vogel - Compl\u00e9ments alimentaires naturels<\/title>\n<meta name=\"robots\" content=\"index, follow, max-snippet:-1, max-image-preview:large, max-video-preview:-1\" \/>\n<link rel=\"canonical\" href=\"https:\/\/avogel.fr\/blog\/guide-de-plante\/menthe\/\" \/>\n<meta property=\"og:locale\" content=\"fr_FR\" \/>\n<meta property=\"og:type\" content=\"article\" \/>\n<meta property=\"og:title\" content=\"Menthe - Mentha \u00d7 piperita - A.Vogel - Compl\u00e9ments alimentaires naturels\" \/>\n<meta property=\"og:description\" content=\"Att\u00e9nue les d\u00e9sagr\u00e9ments du rhume (nez qui coule, nez bouch\u00e9) Arr\u00eate l\u2019\u00e9coulement Aide \u00e0 mieux respirer Calme l\u2019irritation de la muqueuse nasale La menthe (Mentha \u00d7 piperita), et plus g\u00e9n\u00e9ralement les diff\u00e9rentes esp\u00e8ces de menthe, est utilis\u00e9e depuis l\u2019Antiquit\u00e9 pour ses vertus m\u00e9dicinales et aromatiques. Les \u00c9gyptiens, les Grecs et les Romains l\u2019appr\u00e9ciaient d\u00e9j\u00e0 pour [&hellip;]\" \/>\n<meta property=\"og:url\" content=\"https:\/\/avogel.fr\/blog\/guide-de-plante\/menthe\/\" \/>\n<meta property=\"og:site_name\" content=\"A.Vogel - Compl\u00e9ments alimentaires naturels\" \/>\n<meta property=\"article:modified_time\" content=\"2025-02-13T08:52:13+00:00\" \/>\n<meta property=\"og:image\" content=\"https:\/\/avogel.fr\/blog\/wp-content\/uploads\/2025\/02\/menthe.png\" \/>\n\t<meta property=\"og:image:width\" content=\"1580\" \/>\n\t<meta property=\"og:image:height\" content=\"770\" \/>\n\t<meta property=\"og:image:type\" content=\"image\/png\" \/>\n<meta name=\"twitter:card\" content=\"summary_large_image\" \/>\n<meta name=\"twitter:label1\" content=\"Dur\u00e9e de lecture estim\u00e9e\" \/>\n\t<meta name=\"twitter:data1\" content=\"3 minutes\" \/>\n<script type=\"application\/ld+json\" class=\"yoast-schema-graph\">{\"@context\":\"https:\/\/schema.org\",\"@graph\":[{\"@type\":\"WebPage\",\"@id\":\"https:\/\/avogel.fr\/blog\/guide-de-plante\/menthe\/\",\"url\":\"https:\/\/avogel.fr\/blog\/guide-de-plante\/menthe\/\",\"name\":\"Menthe - Mentha \u00d7 piperita - A.Vogel - Compl\u00e9ments alimentaires naturels\",\"isPartOf\":{\"@id\":\"https:\/\/avogel.fr\/blog\/#website\"},\"datePublished\":\"2025-02-13T08:49:27+00:00\",\"dateModified\":\"2025-02-13T08:52:13+00:00\",\"breadcrumb\":{\"@id\":\"https:\/\/avogel.fr\/blog\/guide-de-plante\/menthe\/#breadcrumb\"},\"inLanguage\":\"fr-FR\",\"potentialAction\":[{\"@type\":\"ReadAction\",\"target\":[\"https:\/\/avogel.fr\/blog\/guide-de-plante\/menthe\/\"]}]},{\"@type\":\"BreadcrumbList\",\"@id\":\"https:\/\/avogel.fr\/blog\/guide-de-plante\/menthe\/#breadcrumb\",\"itemListElement\":[{\"@type\":\"ListItem\",\"position\":1,\"name\":\"Accueil\",\"item\":\"https:\/\/avogel.fr\/blog\/\"},{\"@type\":\"ListItem\",\"position\":2,\"name\":\"Guides des plantes\",\"item\":\"https:\/\/avogel.fr\/blog\/guide-de-plante\/\"},{\"@type\":\"ListItem\",\"position\":3,\"name\":\"Menthe &#8211; Mentha \u00d7 piperita\"}]},{\"@type\":\"WebSite\",\"@id\":\"https:\/\/avogel.fr\/blog\/#website\",\"url\":\"https:\/\/avogel.fr\/blog\/\",\"name\":\"A.Vogel - Compl\u00e9ments alimentaires naturels\",\"description\":\"Retrouvez tous nos conseils pour rester naturellement fort - Compl\u00e9ments \u00e0 base de plantes fra\u00eeches biologiques\",\"potentialAction\":[{\"@type\":\"SearchAction\",\"target\":{\"@type\":\"EntryPoint\",\"urlTemplate\":\"https:\/\/avogel.fr\/blog\/?s={search_term_string}\"},\"query-input\":\"required name=search_term_string\"}],\"inLanguage\":\"fr-FR\"}]}<\/script>\n<!-- \/ Yoast SEO plugin. -->","yoast_head_json":{"title":"Menthe - Mentha \u00d7 piperita - A.Vogel - Compl\u00e9ments alimentaires naturels","robots":{"index":"index","follow":"follow","max-snippet":"max-snippet:-1","max-image-preview":"max-image-preview:large","max-video-preview":"max-video-preview:-1"},"canonical":"https:\/\/avogel.fr\/blog\/guide-de-plante\/menthe\/","og_locale":"fr_FR","og_type":"article","og_title":"Menthe - Mentha \u00d7 piperita - A.Vogel - Compl\u00e9ments alimentaires naturels","og_description":"Att\u00e9nue les d\u00e9sagr\u00e9ments du rhume (nez qui coule, nez bouch\u00e9) Arr\u00eate l\u2019\u00e9coulement Aide \u00e0 mieux respirer Calme l\u2019irritation de la muqueuse nasale La menthe (Mentha \u00d7 piperita), et plus g\u00e9n\u00e9ralement les diff\u00e9rentes esp\u00e8ces de menthe, est utilis\u00e9e depuis l\u2019Antiquit\u00e9 pour ses vertus m\u00e9dicinales et aromatiques. Les \u00c9gyptiens, les Grecs et les Romains l\u2019appr\u00e9ciaient d\u00e9j\u00e0 pour [&hellip;]","og_url":"https:\/\/avogel.fr\/blog\/guide-de-plante\/menthe\/","og_site_name":"A.Vogel - Compl\u00e9ments alimentaires naturels","article_modified_time":"2025-02-13T08:52:13+00:00","og_image":[{"width":1580,"height":770,"url":"https:\/\/avogel.fr\/blog\/wp-content\/uploads\/2025\/02\/menthe.png","type":"image\/png"}],"twitter_card":"summary_large_image","twitter_misc":{"Dur\u00e9e de lecture estim\u00e9e":"3 minutes"},"schema":{"@context":"https:\/\/schema.org","@graph":[{"@type":"WebPage","@id":"https:\/\/avogel.fr\/blog\/guide-de-plante\/menthe\/","url":"https:\/\/avogel.fr\/blog\/guide-de-plante\/menthe\/","name":"Menthe - Mentha \u00d7 piperita - A.Vogel - Compl\u00e9ments alimentaires naturels","isPartOf":{"@id":"https:\/\/avogel.fr\/blog\/#website"},"datePublished":"2025-02-13T08:49:27+00:00","dateModified":"2025-02-13T08:52:13+00:00","breadcrumb":{"@id":"https:\/\/avogel.fr\/blog\/guide-de-plante\/menthe\/#breadcrumb"},"inLanguage":"fr-FR","potentialAction":[{"@type":"ReadAction","target":["https:\/\/avogel.fr\/blog\/guide-de-plante\/menthe\/"]}]},{"@type":"BreadcrumbList","@id":"https:\/\/avogel.fr\/blog\/guide-de-plante\/menthe\/#breadcrumb","itemListElement":[{"@type":"ListItem","position":1,"name":"Accueil","item":"https:\/\/avogel.fr\/blog\/"},{"@type":"ListItem","position":2,"name":"Guides des plantes","item":"https:\/\/avogel.fr\/blog\/guide-de-plante\/"},{"@type":"ListItem","position":3,"name":"Menthe &#8211; Mentha \u00d7 piperita"}]},{"@type":"WebSite","@id":"https:\/\/avogel.fr\/blog\/#website","url":"https:\/\/avogel.fr\/blog\/","name":"A.Vogel - Compl\u00e9ments alimentaires naturels","description":"Retrouvez tous nos conseils pour rester naturellement fort - Compl\u00e9ments \u00e0 base de plantes fra\u00eeches biologiques","potentialAction":[{"@type":"SearchAction","target":{"@type":"EntryPoint","urlTemplate":"https:\/\/avogel.fr\/blog\/?s={search_term_string}"},"query-input":"required name=search_term_string"}],"inLanguage":"fr-FR"}]}},"_links":{"self":[{"href":"https:\/\/avogel.fr\/blog\/wp-json\/wp\/v2\/guide_de_plante\/9611","targetHints":{"allow":["GET"]}}],"collection":[{"href":"https:\/\/avogel.fr\/blog\/wp-json\/wp\/v2\/guide_de_plante"}],"about":[{"href":"https:\/\/avogel.fr\/blog\/wp-json\/wp\/v2\/types\/guide_de_plante"}],"wp:featuredmedia":[{"embeddable":true,"href":"https:\/\/avogel.fr\/blog\/wp-json\/wp\/v2\/media\/9613"}],"wp:attachment":[{"href":"https:\/\/avogel.fr\/blog\/wp-json\/wp\/v2\/media?parent=9611"}],"curies":[{"name":"wp","href":"https:\/\/api.w.org\/{rel}","templated":true}]}}