{"id":6802,"date":"2017-01-30T09:00:29","date_gmt":"2017-01-30T08:00:29","guid":{"rendered":"https:\/\/www.avogel.fr\/blog\/?post_type=guide_de_plante&#038;p=6802"},"modified":"2018-03-01T12:42:59","modified_gmt":"2018-03-01T11:42:59","slug":"boldo-peumus-boldus","status":"publish","type":"guide_de_plante","link":"https:\/\/avogel.fr\/blog\/guide-de-plante\/boldo-peumus-boldus\/","title":{"rendered":"Boldo &#8211; Peumus boldus"},"content":{"rendered":"<div class=\"gridRow mainInfo\">\n<div class=\"gridWideCol\">\n<ul>\n<li>Favorise le transit<\/li>\n<li>Soutient la digestion<\/li>\n<\/ul>\n<h2>Histoire du Boldo<\/h2>\n<p>Le mot Peumus vient de \u00abpeumo\u00bb, un nom d\u00e9rivant vraisemblablement de la langue du peuple indig\u00e8ne Mapuche du Chili. Le nom de la sorte, boldus, rend hommage au botaniste espagnol <strong>Boldo<\/strong>.<\/p>\n<p>Les monimiac\u00e9es sont d&rsquo;un grand int\u00e9r\u00eat phylog\u00e9n\u00e9tique parce qu&rsquo;il s&rsquo;agit d&rsquo;une tr\u00e8s ancienne famille de plantes dont les vestiges ont subsist\u00e9 de fa\u00e7on tr\u00e8s end\u00e9mique dans des \u00eelots longtemps isol\u00e9s. Elles se distinguent par une diversit\u00e9 extraordinaire de la constitution de leurs organes v\u00e9g\u00e9tatifs et floraux.<\/p>\n<\/div>\n<\/div>\n<div class=\"gridRow mainInfo\">\n<div class=\"gridWideCol\">\n<h2>Caract\u00e9ristiques botaniques du Boldo<\/h2>\n<p>Le <strong>Boldo<\/strong> est un arbuste ou un arbre \u00e0 feuilles persistantes pouvant atteindre 6 m\u00e8tres de haut. Il fait partie de la famille des monimiac\u00e9es qui s&rsquo;apparentent aux laurac\u00e9es. C&rsquo;est un dio\u00efque. Ses feuilles coriaces sont ovales, au bord lisse et d&rsquo;un ton gris-vert p\u00e2le, avec en surface de petites protub\u00e9rances plus claires. Elles ont une odeur particuli\u00e8re et un go\u00fbt \u00e9pic\u00e9, tr\u00e8s fort et l\u00e9g\u00e8rement amer.<\/p>\n<p>Les fleurs au parfum intense sont group\u00e9es en inflorescences radiaires, blanches ou jaun\u00e2tres. Les fruits \u00e0 noyaux, de forme ovale, sont aromatiques et comestibles. L&rsquo;arbre est en fleurs pendant toute l&rsquo;ann\u00e9e.<\/p>\n<\/div>\n<\/div>\n<div class=\"gridRow mainInfo\">\n<div class=\"gridWideCol\">\n<h2>Habitat<\/h2>\n<p>Le <strong>Boldo<\/strong> est l&rsquo;arbre typique des r\u00e9gions s\u00e8ches du Chili et du P\u00e9rou. Il constitue avec d&rsquo;autres arbustes une brousse tr\u00e8s dense. Ses feuilles sont r\u00e9colt\u00e9es durant toute l&rsquo;ann\u00e9e.<\/p>\n<\/div>\n<\/div>\n","protected":false},"featured_media":6832,"template":"","class_list":["post-6802","guide_de_plante","type-guide_de_plante","status-publish","has-post-thumbnail","hentry"],"acf":[],"yoast_head":"<!-- This site is optimized with the Yoast SEO plugin v22.0 - https:\/\/yoast.com\/wordpress\/plugins\/seo\/ -->\n<title>Boldo - Peumus boldus - A.Vogel - Compl\u00e9ments alimentaires naturels<\/title>\n<meta name=\"description\" content=\"Le boldo est une plante \u00e9tonnante dont les capacit\u00e9s pour soutenir la digestion sont reconnues. A. Vogel vous en dit plus sur cette esp\u00e8ce v\u00e9g\u00e9tale particuli\u00e8re.\" \/>\n<meta name=\"robots\" content=\"index, follow, max-snippet:-1, max-image-preview:large, max-video-preview:-1\" \/>\n<link rel=\"canonical\" href=\"https:\/\/avogel.fr\/blog\/guide-de-plante\/boldo-peumus-boldus\/\" \/>\n<meta property=\"og:locale\" content=\"fr_FR\" \/>\n<meta property=\"og:type\" content=\"article\" \/>\n<meta property=\"og:title\" content=\"Boldo - Peumus boldus - A.Vogel - Compl\u00e9ments alimentaires naturels\" \/>\n<meta property=\"og:description\" content=\"Le boldo est une plante \u00e9tonnante dont les capacit\u00e9s pour soutenir la digestion sont reconnues. A. Vogel vous en dit plus sur cette esp\u00e8ce v\u00e9g\u00e9tale particuli\u00e8re.\" \/>\n<meta property=\"og:url\" content=\"https:\/\/avogel.fr\/blog\/guide-de-plante\/boldo-peumus-boldus\/\" \/>\n<meta property=\"og:site_name\" content=\"A.Vogel - Compl\u00e9ments alimentaires naturels\" \/>\n<meta property=\"article:modified_time\" content=\"2018-03-01T11:42:59+00:00\" \/>\n<meta property=\"og:image\" content=\"https:\/\/avogel.fr\/blog\/wp-content\/uploads\/2019\/01\/boldo-detoure.png\" \/>\n\t<meta property=\"og:image:width\" content=\"1580\" \/>\n\t<meta property=\"og:image:height\" content=\"770\" \/>\n\t<meta property=\"og:image:type\" content=\"image\/png\" \/>\n<meta name=\"twitter:card\" content=\"summary_large_image\" \/>\n<meta name=\"twitter:label1\" content=\"Dur\u00e9e de lecture estim\u00e9e\" \/>\n\t<meta name=\"twitter:data1\" content=\"1 minute\" \/>\n<script type=\"application\/ld+json\" class=\"yoast-schema-graph\">{\"@context\":\"https:\/\/schema.org\",\"@graph\":[{\"@type\":\"WebPage\",\"@id\":\"https:\/\/avogel.fr\/blog\/guide-de-plante\/boldo-peumus-boldus\/\",\"url\":\"https:\/\/avogel.fr\/blog\/guide-de-plante\/boldo-peumus-boldus\/\",\"name\":\"Boldo - Peumus boldus - A.Vogel - Compl\u00e9ments alimentaires naturels\",\"isPartOf\":{\"@id\":\"https:\/\/avogel.fr\/blog\/#website\"},\"datePublished\":\"2017-01-30T08:00:29+00:00\",\"dateModified\":\"2018-03-01T11:42:59+00:00\",\"description\":\"Le boldo est une plante \u00e9tonnante dont les capacit\u00e9s pour soutenir la digestion sont reconnues. A. Vogel vous en dit plus sur cette esp\u00e8ce v\u00e9g\u00e9tale particuli\u00e8re.\",\"breadcrumb\":{\"@id\":\"https:\/\/avogel.fr\/blog\/guide-de-plante\/boldo-peumus-boldus\/#breadcrumb\"},\"inLanguage\":\"fr-FR\",\"potentialAction\":[{\"@type\":\"ReadAction\",\"target\":[\"https:\/\/avogel.fr\/blog\/guide-de-plante\/boldo-peumus-boldus\/\"]}]},{\"@type\":\"BreadcrumbList\",\"@id\":\"https:\/\/avogel.fr\/blog\/guide-de-plante\/boldo-peumus-boldus\/#breadcrumb\",\"itemListElement\":[{\"@type\":\"ListItem\",\"position\":1,\"name\":\"Accueil\",\"item\":\"https:\/\/avogel.fr\/blog\/\"},{\"@type\":\"ListItem\",\"position\":2,\"name\":\"Guides des plantes\",\"item\":\"https:\/\/avogel.fr\/blog\/guide-de-plante\/\"},{\"@type\":\"ListItem\",\"position\":3,\"name\":\"Boldo &#8211; Peumus boldus\"}]},{\"@type\":\"WebSite\",\"@id\":\"https:\/\/avogel.fr\/blog\/#website\",\"url\":\"https:\/\/avogel.fr\/blog\/\",\"name\":\"A.Vogel - Compl\u00e9ments alimentaires naturels\",\"description\":\"Retrouvez tous nos conseils pour rester naturellement fort - Compl\u00e9ments \u00e0 base de plantes fra\u00eeches biologiques\",\"potentialAction\":[{\"@type\":\"SearchAction\",\"target\":{\"@type\":\"EntryPoint\",\"urlTemplate\":\"https:\/\/avogel.fr\/blog\/?s={search_term_string}\"},\"query-input\":\"required name=search_term_string\"}],\"inLanguage\":\"fr-FR\"}]}<\/script>\n<!-- \/ Yoast SEO plugin. -->","yoast_head_json":{"title":"Boldo - Peumus boldus - A.Vogel - Compl\u00e9ments alimentaires naturels","description":"Le boldo est une plante \u00e9tonnante dont les capacit\u00e9s pour soutenir la digestion sont reconnues. A. Vogel vous en dit plus sur cette esp\u00e8ce v\u00e9g\u00e9tale particuli\u00e8re.","robots":{"index":"index","follow":"follow","max-snippet":"max-snippet:-1","max-image-preview":"max-image-preview:large","max-video-preview":"max-video-preview:-1"},"canonical":"https:\/\/avogel.fr\/blog\/guide-de-plante\/boldo-peumus-boldus\/","og_locale":"fr_FR","og_type":"article","og_title":"Boldo - Peumus boldus - A.Vogel - Compl\u00e9ments alimentaires naturels","og_description":"Le boldo est une plante \u00e9tonnante dont les capacit\u00e9s pour soutenir la digestion sont reconnues. A. Vogel vous en dit plus sur cette esp\u00e8ce v\u00e9g\u00e9tale particuli\u00e8re.","og_url":"https:\/\/avogel.fr\/blog\/guide-de-plante\/boldo-peumus-boldus\/","og_site_name":"A.Vogel - Compl\u00e9ments alimentaires naturels","article_modified_time":"2018-03-01T11:42:59+00:00","og_image":[{"width":1580,"height":770,"url":"https:\/\/avogel.fr\/blog\/wp-content\/uploads\/2019\/01\/boldo-detoure.png","type":"image\/png"}],"twitter_card":"summary_large_image","twitter_misc":{"Dur\u00e9e de lecture estim\u00e9e":"1 minute"},"schema":{"@context":"https:\/\/schema.org","@graph":[{"@type":"WebPage","@id":"https:\/\/avogel.fr\/blog\/guide-de-plante\/boldo-peumus-boldus\/","url":"https:\/\/avogel.fr\/blog\/guide-de-plante\/boldo-peumus-boldus\/","name":"Boldo - Peumus boldus - A.Vogel - Compl\u00e9ments alimentaires naturels","isPartOf":{"@id":"https:\/\/avogel.fr\/blog\/#website"},"datePublished":"2017-01-30T08:00:29+00:00","dateModified":"2018-03-01T11:42:59+00:00","description":"Le boldo est une plante \u00e9tonnante dont les capacit\u00e9s pour soutenir la digestion sont reconnues. A. Vogel vous en dit plus sur cette esp\u00e8ce v\u00e9g\u00e9tale particuli\u00e8re.","breadcrumb":{"@id":"https:\/\/avogel.fr\/blog\/guide-de-plante\/boldo-peumus-boldus\/#breadcrumb"},"inLanguage":"fr-FR","potentialAction":[{"@type":"ReadAction","target":["https:\/\/avogel.fr\/blog\/guide-de-plante\/boldo-peumus-boldus\/"]}]},{"@type":"BreadcrumbList","@id":"https:\/\/avogel.fr\/blog\/guide-de-plante\/boldo-peumus-boldus\/#breadcrumb","itemListElement":[{"@type":"ListItem","position":1,"name":"Accueil","item":"https:\/\/avogel.fr\/blog\/"},{"@type":"ListItem","position":2,"name":"Guides des plantes","item":"https:\/\/avogel.fr\/blog\/guide-de-plante\/"},{"@type":"ListItem","position":3,"name":"Boldo &#8211; Peumus boldus"}]},{"@type":"WebSite","@id":"https:\/\/avogel.fr\/blog\/#website","url":"https:\/\/avogel.fr\/blog\/","name":"A.Vogel - Compl\u00e9ments alimentaires naturels","description":"Retrouvez tous nos conseils pour rester naturellement fort - Compl\u00e9ments \u00e0 base de plantes fra\u00eeches biologiques","potentialAction":[{"@type":"SearchAction","target":{"@type":"EntryPoint","urlTemplate":"https:\/\/avogel.fr\/blog\/?s={search_term_string}"},"query-input":"required name=search_term_string"}],"inLanguage":"fr-FR"}]}},"_links":{"self":[{"href":"https:\/\/avogel.fr\/blog\/wp-json\/wp\/v2\/guide_de_plante\/6802","targetHints":{"allow":["GET"]}}],"collection":[{"href":"https:\/\/avogel.fr\/blog\/wp-json\/wp\/v2\/guide_de_plante"}],"about":[{"href":"https:\/\/avogel.fr\/blog\/wp-json\/wp\/v2\/types\/guide_de_plante"}],"wp:featuredmedia":[{"embeddable":true,"href":"https:\/\/avogel.fr\/blog\/wp-json\/wp\/v2\/media\/6832"}],"wp:attachment":[{"href":"https:\/\/avogel.fr\/blog\/wp-json\/wp\/v2\/media?parent=6802"}],"curies":[{"name":"wp","href":"https:\/\/api.w.org\/{rel}","templated":true}]}}